{"id":19091,"date":"2023-10-09T11:12:00","date_gmt":"2023-10-09T11:12:00","guid":{"rendered":"https:\/\/incm.pt\/site\/?page_id=19091"},"modified":"2026-04-22T08:05:02","modified_gmt":"2026-04-22T08:05:02","slug":"candidaturas","status":"publish","type":"page","link":"https:\/\/incm.pt\/site\/candidaturas\/","title":{"rendered":"Candidaturas"},"content":{"rendered":"<p>[et_pb_section fb_built=&#8221;1&#8243; custom_padding_last_edited=&#8221;on|phone&#8221; _builder_version=&#8221;4.27.6&#8243; _module_preset=&#8221;default&#8221; background_image=&#8221;https:\/\/incm.pt\/site\/wp-content\/uploads\/2026\/03\/INCM_recursos-humanos-candidaturas_A.png&#8221; parallax=&#8221;on&#8221; min_height=&#8221;550px&#8221; custom_padding=&#8221;140px||140px||false|false&#8221; custom_padding_tablet=&#8221;&#8221; custom_padding_phone=&#8221;250px||250px||false|false&#8221; box_shadow_style=&#8221;preset3&#8243; global_colors_info=&#8221;{}&#8221;][\/et_pb_section][et_pb_section fb_built=&#8221;1&#8243; custom_padding_last_edited=&#8221;on|desktop&#8221; _builder_version=&#8221;4.19.5&#8243; _module_preset=&#8221;default&#8221; custom_padding=&#8221;0px||0px||false|false&#8221; custom_padding_tablet=&#8221;0px||0px||false|false&#8221; custom_padding_phone=&#8221;0px||0px||false|false&#8221; global_colors_info=&#8221;{}&#8221;][et_pb_row custom_padding_last_edited=&#8221;on|desktop&#8221; _builder_version=&#8221;4.19.5&#8243; _module_preset=&#8221;default&#8221; width=&#8221;100%&#8221; width_tablet=&#8221;100%&#8221; width_phone=&#8221;100%&#8221; width_last_edited=&#8221;on|desktop&#8221; max_width=&#8221;80%&#8221; max_width_tablet=&#8221;80%&#8221; max_width_phone=&#8221;80%&#8221; max_width_last_edited=&#8221;on|desktop&#8221; custom_padding_tablet=&#8221;&#8221; custom_padding_phone=&#8221;&#8221; global_colors_info=&#8221;{}&#8221;][et_pb_column type=&#8221;4_4&#8243; _builder_version=&#8221;4.17.6&#8243; _module_preset=&#8221;default&#8221; global_colors_info=&#8221;{}&#8221;][et_pb_code module_class=&#8221;breadcrumb&#8221; _builder_version=&#8221;4.19.5&#8243; _module_preset=&#8221;default&#8221; custom_margin=&#8221;||0px||false|false&#8221; custom_margin_tablet=&#8221;||0px||false|false&#8221; custom_margin_phone=&#8221;||0px||false|false&#8221; custom_margin_last_edited=&#8221;on|desktop&#8221; custom_padding=&#8221;|0px|0px|0px|false|false&#8221; custom_padding_tablet=&#8221;|25px||25px|false|false&#8221; custom_padding_phone=&#8221;|25px||25px|false|false&#8221; custom_padding_last_edited=&#8221;on|desktop&#8221; global_colors_info=&#8221;{}&#8221;][\/et_pb_code][et_pb_text _builder_version=&#8221;4.27.5&#8243; _module_preset=&#8221;default&#8221; header_font=&#8221;Montserrat|700|||||||&#8221; header_text_color=&#8221;#333333&#8243; header_font_size=&#8221;45px&#8221; header_letter_spacing=&#8221;5px&#8221; width_last_edited=&#8221;off|desktop&#8221; max_width=&#8221;60%&#8221; max_width_tablet=&#8221;100%&#8221; max_width_phone=&#8221;100%&#8221; max_width_last_edited=&#8221;on|tablet&#8221; custom_padding=&#8221;25px||5px||false|false&#8221; custom_padding_tablet=&#8221;&#8221; custom_padding_phone=&#8221;&#8221; custom_padding_last_edited=&#8221;on|desktop&#8221; animation_style=&#8221;flip&#8221; animation_direction=&#8221;bottom&#8221; header_font_size_tablet=&#8221;35px&#8221; header_font_size_phone=&#8221;25px&#8221; header_font_size_last_edited=&#8221;on|phone&#8221; header_letter_spacing_tablet=&#8221;3px&#8221; header_letter_spacing_phone=&#8221;0px&#8221; header_letter_spacing_last_edited=&#8221;on|desktop&#8221; header_line_height_tablet=&#8221;&#8221; header_line_height_phone=&#8221;1.2em&#8221; header_line_height_last_edited=&#8221;on|tablet&#8221; border_width_bottom=&#8221;5px&#8221; border_color_bottom=&#8221;#b5a216&#8243; global_colors_info=&#8221;{}&#8221;]<\/p>\n<h1>CANDIDATURAS<\/h1>\n<p>[\/et_pb_text][et_pb_text _builder_version=&#8221;4.27.5&#8243; _module_preset=&#8221;default&#8221; text_font=&#8221;Merriweather||||||||&#8221; text_text_color=&#8221;#af9828&#8243; text_font_size=&#8221;22px&#8221; text_letter_spacing=&#8221;3px&#8221; text_line_height=&#8221;1.5em&#8221; header_font_size=&#8221;32px&#8221; header_line_height=&#8221;1.4em&#8221; header_2_font_size=&#8221;32px&#8221; header_2_line_height=&#8221;1.4em&#8221; animation_style=&#8221;fade&#8221; text_font_size_tablet=&#8221;&#8221; text_font_size_phone=&#8221;&#8221; text_font_size_last_edited=&#8221;on|desktop&#8221; text_line_height_tablet=&#8221;&#8221; text_line_height_phone=&#8221;&#8221; text_line_height_last_edited=&#8221;on|desktop&#8221; header_font_size_tablet=&#8221;25px&#8221; header_font_size_phone=&#8221;20px&#8221; header_font_size_last_edited=&#8221;on|desktop&#8221; header_line_height_tablet=&#8221;1.3em&#8221; header_line_height_phone=&#8221;1.2em&#8221; header_line_height_last_edited=&#8221;on|phone&#8221; header_2_font_size_tablet=&#8221;25px&#8221; header_2_font_size_phone=&#8221;20px&#8221; header_2_font_size_last_edited=&#8221;on|phone&#8221; header_2_line_height_tablet=&#8221;1.3em&#8221; header_2_line_height_phone=&#8221;1.2em&#8221; header_2_line_height_last_edited=&#8221;on|desktop&#8221; global_colors_info=&#8221;{}&#8221;]<\/p>\n<h2><strong>AS PESSOAS S\u00c3O O MOTOR DO CRESCIMENTO.<\/strong><br \/><strong>AS OPORTUNIDADES A CHAVE DA INOVA\u00c7\u00c3O.<\/strong><\/h2>\n<p>[\/et_pb_text][\/et_pb_column][\/et_pb_row][et_pb_row custom_padding_last_edited=&#8221;on|tablet&#8221; _builder_version=&#8221;4.19.5&#8243; _module_preset=&#8221;default&#8221; width=&#8221;100%&#8221; width_tablet=&#8221;100%&#8221; width_phone=&#8221;100%&#8221; width_last_edited=&#8221;on|desktop&#8221; max_width=&#8221;80%&#8221; max_width_tablet=&#8221;80%&#8221; max_width_phone=&#8221;80%&#8221; max_width_last_edited=&#8221;on|desktop&#8221; custom_margin=&#8221;||||false|false&#8221; custom_margin_tablet=&#8221;||0px||false|false&#8221; custom_margin_phone=&#8221;||0px||false|false&#8221; custom_margin_last_edited=&#8221;on|tablet&#8221; custom_padding_tablet=&#8221;||0px||false|false&#8221; custom_padding_phone=&#8221;||0px||false|false&#8221; animation_style=&#8221;fade&#8221; global_colors_info=&#8221;{}&#8221;][et_pb_column type=&#8221;4_4&#8243; _builder_version=&#8221;4.17.6&#8243; _module_preset=&#8221;default&#8221; global_colors_info=&#8221;{}&#8221;][et_pb_text _builder_version=&#8221;4.19.5&#8243; _module_preset=&#8221;default&#8221; text_font=&#8221;Merriweather||||||||&#8221; text_text_color=&#8221;#333333&#8243; text_font_size=&#8221;22px&#8221; text_line_height=&#8221;1.5em&#8221; link_font=&#8221;|700|||||||&#8221; link_text_color=&#8221;#c2aa33&#8243; ul_line_height=&#8221;1.7em&#8221; animation_style=&#8221;fade&#8221; text_font_size_tablet=&#8221;20px&#8221; text_font_size_phone=&#8221;18px&#8221; text_font_size_last_edited=&#8221;on|phone&#8221; text_line_height_tablet=&#8221;&#8221; text_line_height_phone=&#8221;&#8221; text_line_height_last_edited=&#8221;on|desktop&#8221; ul_line_height_tablet=&#8221;1.7em&#8221; ul_line_height_phone=&#8221;1.7em&#8221; ul_line_height_last_edited=&#8221;on|desktop&#8221; locked=&#8221;off&#8221; global_colors_info=&#8221;{}&#8221;]<\/p>\n<p><b><span lang=\"pt\">A INCM \u2013 Imprensa Nacional Casa da Moeda encontra nas pessoas e nas suas equipas o pilar estrat\u00e9gico de crescimento, inova\u00e7\u00e3o e desenvolvimento. S\u00e3o as pessoas o motor e a garantia da qualidade e excel\u00eancia em tudo o fazemos.<\/span><\/b><\/p>\n<p>Por isso a aposta na otimiza\u00e7\u00e3o e desenvolvimento dos seus colaboradores, garantindo as melhores condi\u00e7\u00f5es de trabalho e o seu bem-estar, a par da cria\u00e7\u00e3o cont\u00ednua de novas oportunidades.<\/p>\n<p>[\/et_pb_text][\/et_pb_column][\/et_pb_row][et_pb_row disabled_on=&#8221;on|on|on&#8221; _builder_version=&#8221;4.19.5&#8243; _module_preset=&#8221;default&#8221; width=&#8221;100%&#8221; width_tablet=&#8221;100%&#8221; width_phone=&#8221;100%&#8221; width_last_edited=&#8221;on|desktop&#8221; max_width=&#8221;80%&#8221; max_width_tablet=&#8221;80%&#8221; max_width_phone=&#8221;80%&#8221; max_width_last_edited=&#8221;on|desktop&#8221; disabled=&#8221;on&#8221; global_colors_info=&#8221;{}&#8221;][et_pb_column type=&#8221;4_4&#8243; _builder_version=&#8221;4.17.6&#8243; _module_preset=&#8221;default&#8221; global_colors_info=&#8221;{}&#8221;][et_pb_text disabled_on=&#8221;off|off|off&#8221; _builder_version=&#8221;4.19.5&#8243; _module_preset=&#8221;default&#8221; text_font=&#8221;Merriweather||||||||&#8221; text_text_color=&#8221;#333333&#8243; text_font_size=&#8221;22px&#8221; text_line_height=&#8221;1.5em&#8221; link_font=&#8221;|700|||||||&#8221; link_text_color=&#8221;#c2aa33&#8243; ul_line_height=&#8221;1.7em&#8221; animation_style=&#8221;fade&#8221; text_font_size_tablet=&#8221;20px&#8221; text_font_size_phone=&#8221;18px&#8221; text_font_size_last_edited=&#8221;on|phone&#8221; text_line_height_tablet=&#8221;&#8221; text_line_height_phone=&#8221;&#8221; text_line_height_last_edited=&#8221;on|desktop&#8221; ul_line_height_tablet=&#8221;1.7em&#8221; ul_line_height_phone=&#8221;1.7em&#8221; ul_line_height_last_edited=&#8221;on|desktop&#8221; locked=&#8221;off&#8221; global_colors_info=&#8221;{}&#8221;]<\/p>\n<p>Poder\u00e1 encontrar recrutamentos ativos da INCM nomeadamente nos seguintes locais:<\/p>\n<p>Nas plataformas <a href=\"https:\/\/www.linkedin.com\/company\/incm\/jobs\/\" target=\"_blank\" rel=\"noopener\">Linkedin<\/a>, <a href=\"https:\/\/emprego.sapo.pt\/\" target=\"_blank\" rel=\"noopener\">sapo emprego<\/a> e <a href=\"https:\/\/estagiar.pt\/\" target=\"_blank\" rel=\"noopener\">estagiar.pt<\/a><\/p>\n<p>Divulga\u00e7\u00e3o em Universidades<\/p>\n<p>[\/et_pb_text][\/et_pb_column][\/et_pb_row][et_pb_row column_structure=&#8221;1_3,1_3,1_3&#8243; custom_padding_last_edited=&#8221;on|tablet&#8221; disabled_on=&#8221;off|off|off&#8221; _builder_version=&#8221;4.27.4&#8243; _module_preset=&#8221;default&#8221; width=&#8221;100%&#8221; width_tablet=&#8221;100%&#8221; width_phone=&#8221;100%&#8221; width_last_edited=&#8221;on|desktop&#8221; max_width=&#8221;80%&#8221; max_width_tablet=&#8221;80%&#8221; max_width_phone=&#8221;80%&#8221; max_width_last_edited=&#8221;on|desktop&#8221; custom_margin=&#8221;30px|auto||auto|false|false&#8221; custom_margin_tablet=&#8221;||0px||false|false&#8221; custom_margin_phone=&#8221;||0px||false|false&#8221; custom_margin_last_edited=&#8221;on|tablet&#8221; custom_padding=&#8221;0px||0px||false|false&#8221; custom_padding_tablet=&#8221;20px||0px||false|false&#8221; custom_padding_phone=&#8221;||0px||false|false&#8221; animation_style=&#8221;fade&#8221; global_colors_info=&#8221;{}&#8221;][et_pb_column type=&#8221;1_3&#8243; _builder_version=&#8221;4.27.4&#8243; _module_preset=&#8221;default&#8221; global_colors_info=&#8221;{}&#8221;][et_pb_text disabled_on=&#8221;on|on|on&#8221; _builder_version=&#8221;4.27.6&#8243; _module_preset=&#8221;default&#8221; background_color=&#8221;#b5a216&#8243; min_height=&#8221;202.4px&#8221; custom_margin=&#8221;||3px|||&#8221; custom_padding=&#8221;83px|20px|34px|20px|false|false&#8221; link_option_url=&#8221;https:\/\/incm.pt\/site\/candidaturas\/tecnico-marcacao-contrastaria\/&#8221; global_colors_info=&#8221;{}&#8221; disabled=&#8221;on&#8221;]<\/p>\n<h2 style=\"text-align: center;\"><a href=\"https:\/\/incm.pt\/site\/candidaturas\/tecnico-marcacao-contrastaria\/\"><strong>T\u00e9cnico de Marca\u00e7\u00e3o de Contrastaria (m\/f)<\/strong><\/a><\/h2>\n<p>[\/et_pb_text][\/et_pb_column][et_pb_column type=&#8221;1_3&#8243; _builder_version=&#8221;4.27.4&#8243; _module_preset=&#8221;default&#8221; custom_padding=&#8221;0px||||false|false&#8221; global_colors_info=&#8221;{}&#8221;][et_pb_text disabled_on=&#8221;on|on|on&#8221; _builder_version=&#8221;4.27.6&#8243; _module_preset=&#8221;default&#8221; background_color=&#8221;#b5a216&#8243; width=&#8221;100%&#8221; min_height=&#8221;199.4px&#8221; custom_margin=&#8221;3px||19px||false|false&#8221; custom_padding=&#8221;84px|20px|65px|20px|false|false&#8221; link_option_url=&#8221;https:\/\/incm.pt\/site\/candidaturas\/analista-soc\/&#8221; disabled=&#8221;on&#8221; global_colors_info=&#8221;{}&#8221;]<\/p>\n<h2 style=\"text-align: center;\"><a href=\"https:\/\/incm.pt\/site\/candidaturas\/analista-soc\/\"><strong>Analista SOC (m\/f)<\/strong><\/a><\/h2>\n<p>[\/et_pb_text][\/et_pb_column][et_pb_column type=&#8221;1_3&#8243; _builder_version=&#8221;4.27.4&#8243; _module_preset=&#8221;default&#8221; global_colors_info=&#8221;{}&#8221;][et_pb_text disabled_on=&#8221;on|on|on&#8221; _builder_version=&#8221;4.27.6&#8243; _module_preset=&#8221;default&#8221; background_color=&#8221;#b5a216&#8243; width=&#8221;100%&#8221; min_height=&#8221;199.4px&#8221; custom_margin=&#8221;3px||19px||false|false&#8221; custom_padding=&#8221;84px|20px|65px|20px|false|false&#8221; link_option_url=&#8221;https:\/\/incm.pt\/site\/candidaturas\/operador-maquinas\/&#8221; disabled=&#8221;on&#8221; global_colors_info=&#8221;{}&#8221;]<\/p>\n<h2 style=\"text-align: center; backgound-color: #000222;\"><a href=\"https:\/\/incm.pt\/site\/candidaturas\/operador-maquinas\/\"><strong>Operador de M\u00e1quinas (m\/f)<\/strong><\/a><strong><\/strong><\/h2>\n<p>[\/et_pb_text][\/et_pb_column][\/et_pb_row][et_pb_row column_structure=&#8221;1_3,1_3,1_3&#8243; custom_padding_last_edited=&#8221;on|tablet&#8221; _builder_version=&#8221;4.27.4&#8243; _module_preset=&#8221;default&#8221; width=&#8221;100%&#8221; width_tablet=&#8221;100%&#8221; width_phone=&#8221;100%&#8221; width_last_edited=&#8221;on|desktop&#8221; max_width=&#8221;80%&#8221; max_width_tablet=&#8221;80%&#8221; max_width_phone=&#8221;80%&#8221; max_width_last_edited=&#8221;on|desktop&#8221; custom_margin=&#8221;30px|auto||auto|false|false&#8221; custom_margin_tablet=&#8221;||0px||false|false&#8221; custom_margin_phone=&#8221;||0px||false|false&#8221; custom_margin_last_edited=&#8221;on|tablet&#8221; custom_padding=&#8221;32px||20px||false|false&#8221; custom_padding_tablet=&#8221;20px||0px||false|false&#8221; custom_padding_phone=&#8221;||0px||false|false&#8221; animation_style=&#8221;fade&#8221; global_colors_info=&#8221;{}&#8221;][et_pb_column type=&#8221;1_3&#8243; _builder_version=&#8221;4.19.5&#8243; _module_preset=&#8221;default&#8221; global_colors_info=&#8221;{}&#8221;][et_pb_text disabled_on=&#8221;on|on|on&#8221; _builder_version=&#8221;4.27.5&#8243; _module_preset=&#8221;default&#8221; background_color=&#8221;#b5a216&#8243; width=&#8221;100%&#8221; module_alignment=&#8221;center&#8221; min_height=&#8221;245.2px&#8221; height=&#8221;243px&#8221; max_height=&#8221;1000px&#8221; custom_margin=&#8221;1px||-5px|||&#8221; custom_padding=&#8221;105px|20px|0px|20px|false|false&#8221; link_option_url=&#8221;https:\/\/incm.pt\/site\/candidaturas\/tec-sup-udr\/&#8221; disabled=&#8221;on&#8221; locked=&#8221;off&#8221; global_colors_info=&#8221;{}&#8221;]<\/p>\n<h2 style=\"text-align: center;\"><a href=\"https:\/\/incm.pt\/site\/tec-sup-udr\/\"><b>T\u00e9cnico Superio (m\/f) para a Unidade do Di\u00e1rio da Rep\u00fablica (UDR)<\/b><\/a><\/h2>\n<p>[\/et_pb_text][\/et_pb_column][et_pb_column type=&#8221;1_3&#8243; _builder_version=&#8221;4.17.6&#8243; _module_preset=&#8221;default&#8221; global_colors_info=&#8221;{}&#8221;][et_pb_text disabled_on=&#8221;on|on|on&#8221; _builder_version=&#8221;4.27.4&#8243; _module_preset=&#8221;default&#8221; background_color=&#8221;#b5a216&#8243; width=&#8221;100%&#8221; module_alignment=&#8221;center&#8221; min_height=&#8221;245.2px&#8221; height=&#8221;243px&#8221; max_height=&#8221;1000px&#8221; custom_margin=&#8221;1px||-5px|||&#8221; custom_padding=&#8221;105px|20px|0px|20px|false|false&#8221; link_option_url=&#8221;https:\/\/incm.pt\/site\/candidaturas\/esp-sen-soc-dti\/&#8221; disabled=&#8221;on&#8221; locked=&#8221;off&#8221; global_colors_info=&#8221;{}&#8221;]<\/p>\n<h2 style=\"text-align: center;\"><a href=\"https:\/\/incm.pt\/site\/esp-sen-soc-dti\/\"><b>Especialista S\u00e9nior em SOC (m\/f) para a Dire\u00e7\u00e3o de Tecnologias e Informa\u00e7\u00e3o (DTI)<\/b><\/a><\/h2>\n<p>[\/et_pb_text][\/et_pb_column][et_pb_column type=&#8221;1_3&#8243; _builder_version=&#8221;4.17.6&#8243; _module_preset=&#8221;default&#8221; global_colors_info=&#8221;{}&#8221;][et_pb_text disabled_on=&#8221;on|on|on&#8221; _builder_version=&#8221;4.27.5&#8243; _module_preset=&#8221;default&#8221; background_color=&#8221;#b5a216&#8243; width=&#8221;100%&#8221; module_alignment=&#8221;center&#8221; min_height=&#8221;245.2px&#8221; height=&#8221;243px&#8221; max_height=&#8221;1000px&#8221; custom_margin=&#8221;1px||-15px|||&#8221; custom_padding=&#8221;102px|20px|61px|20px|false|false&#8221; link_option_url=&#8221;https:\/\/incm.pt\/site\/candidaturas\/analista-ciberseguranca\/&#8221; disabled=&#8221;on&#8221; global_colors_info=&#8221;{}&#8221;]<\/p>\n<h2 style=\"text-align: center;\"><a href=\"https:\/\/incm.pt\/site\/candidaturas\/analista-ciberseguranca\/\"><b>T\u00e9cnico Superior (m\/f) &#8211; Analista de ciberseguran\u00e7a para a Dire\u00e7\u00e3o de Seguran\u00e7a<\/b><\/a><\/h2>\n<p>[\/et_pb_text][\/et_pb_column][\/et_pb_row][et_pb_row custom_padding_last_edited=&#8221;on|tablet&#8221; _builder_version=&#8221;4.19.5&#8243; _module_preset=&#8221;default&#8221; width=&#8221;100%&#8221; width_tablet=&#8221;100%&#8221; width_phone=&#8221;100%&#8221; width_last_edited=&#8221;on|desktop&#8221; max_width=&#8221;80%&#8221; max_width_tablet=&#8221;80%&#8221; max_width_phone=&#8221;80%&#8221; max_width_last_edited=&#8221;on|desktop&#8221; custom_margin=&#8221;||||false|false&#8221; custom_margin_tablet=&#8221;||0px||false|false&#8221; custom_margin_phone=&#8221;||0px||false|false&#8221; custom_margin_last_edited=&#8221;on|tablet&#8221; custom_padding=&#8221;||14px|||&#8221; custom_padding_tablet=&#8221;||0px||false|false&#8221; custom_padding_phone=&#8221;||0px||false|false&#8221; animation_style=&#8221;fade&#8221; global_colors_info=&#8221;{}&#8221;][et_pb_column type=&#8221;4_4&#8243; _builder_version=&#8221;4.19.5&#8243; _module_preset=&#8221;default&#8221; global_colors_info=&#8221;{}&#8221;][et_pb_text _builder_version=&#8221;4.19.5&#8243; _module_preset=&#8221;default&#8221; text_font=&#8221;Merriweather||||||||&#8221; text_text_color=&#8221;#333333&#8243; text_font_size=&#8221;22px&#8221; text_line_height=&#8221;1.5em&#8221; link_font=&#8221;|700|||||||&#8221; link_text_color=&#8221;#c2aa33&#8243; ul_line_height=&#8221;1.7em&#8221; animation_style=&#8221;fade&#8221; text_font_size_tablet=&#8221;20px&#8221; text_font_size_phone=&#8221;18px&#8221; text_font_size_last_edited=&#8221;on|phone&#8221; text_line_height_tablet=&#8221;&#8221; text_line_height_phone=&#8221;&#8221; text_line_height_last_edited=&#8221;on|desktop&#8221; ul_line_height_tablet=&#8221;1.7em&#8221; ul_line_height_phone=&#8221;1.7em&#8221; ul_line_height_last_edited=&#8221;on|desktop&#8221; locked=&#8221;off&#8221; global_colors_info=&#8221;{}&#8221;]<\/p>\n<p>&nbsp;<\/p>\n<p>Poder\u00e1 encontrar recrutamentos ativos da INCM nomeadamente nos seguintes locais:\u00a0plataformas <a href=\"https:\/\/www.linkedin.com\/company\/incm\/jobs\/\" target=\"_blank\" rel=\"noopener\">Linkedin<\/a>, <a href=\"https:\/\/emprego.sapo.pt\/\" target=\"_blank\" rel=\"noopener\">sapo emprego<\/a> e <a href=\"https:\/\/estagiar.pt\/\" target=\"_blank\" rel=\"noopener\">estagiar.pt<\/a>\u00a0ou divulga\u00e7\u00e3o em Universidades<\/p>\n<p>Se n\u00e3o encontrou a divulga\u00e7\u00e3o de uma oportunidade em que se enquadre o seu perfil e v\u00ea nos valores e \u00e1reas de atividade da INCM \u2013 Imprensa Nacional Casa da Moeda a voca\u00e7\u00e3o e inspira\u00e7\u00e3o para contribuir para a nossa cultura de inova\u00e7\u00e3o, envie-nos a sua <a href=\"https:\/\/incm.pt\/site\/candidaturas-espontaneas\/\">candidatura espont\u00e2nea<\/a>.<\/p>\n<p>[\/et_pb_text][et_pb_text _builder_version=&#8221;4.19.5&#8243; _module_preset=&#8221;default&#8221; global_colors_info=&#8221;{}&#8221;][\/et_pb_text][\/et_pb_column][\/et_pb_row][\/et_pb_section]<\/p>\n","protected":false},"excerpt":{"rendered":"<p>CANDIDATURASAS PESSOAS S\u00c3O O MOTOR DO CRESCIMENTO.AS OPORTUNIDADES A CHAVE DA INOVA\u00c7\u00c3O.A INCM \u2013 Imprensa Nacional Casa da Moeda encontra nas pessoas e nas suas equipas o pilar estrat\u00e9gico de crescimento, inova\u00e7\u00e3o e desenvolvimento. S\u00e3o as pessoas o motor e a garantia da qualidade e excel\u00eancia em tudo o fazemos. Por isso a aposta na [&hellip;]<\/p>\n","protected":false},"author":1,"featured_media":5823,"parent":0,"menu_order":0,"comment_status":"closed","ping_status":"closed","template":"","meta":{"_acf_changed":false,"_et_pb_use_builder":"on","_et_pb_old_content":"","_et_gb_content_width":"","footnotes":""},"class_list":["post-19091","page","type-page","status-publish","has-post-thumbnail","hentry"],"acf":[],"_links":{"self":[{"href":"https:\/\/incm.pt\/site\/wp-json\/wp\/v2\/pages\/19091","targetHints":{"allow":["GET"]}}],"collection":[{"href":"https:\/\/incm.pt\/site\/wp-json\/wp\/v2\/pages"}],"about":[{"href":"https:\/\/incm.pt\/site\/wp-json\/wp\/v2\/types\/page"}],"author":[{"embeddable":true,"href":"https:\/\/incm.pt\/site\/wp-json\/wp\/v2\/users\/1"}],"replies":[{"embeddable":true,"href":"https:\/\/incm.pt\/site\/wp-json\/wp\/v2\/comments?post=19091"}],"version-history":[{"count":449,"href":"https:\/\/incm.pt\/site\/wp-json\/wp\/v2\/pages\/19091\/revisions"}],"predecessor-version":[{"id":99251,"href":"https:\/\/incm.pt\/site\/wp-json\/wp\/v2\/pages\/19091\/revisions\/99251"}],"wp:featuredmedia":[{"embeddable":true,"href":"https:\/\/incm.pt\/site\/wp-json\/wp\/v2\/media\/5823"}],"wp:attachment":[{"href":"https:\/\/incm.pt\/site\/wp-json\/wp\/v2\/media?parent=19091"}],"curies":[{"name":"wp","href":"https:\/\/api.w.org\/{rel}","templated":true}]}}